{"id":1051,"date":"2024-03-07T11:12:44","date_gmt":"2024-03-07T10:12:44","guid":{"rendered":"https:\/\/www.test.tremplin-handicap.fr\/?page_id=1051"},"modified":"2026-07-31T15:34:45","modified_gmt":"2026-07-31T13:34:45","slug":"forums-de-recrutement","status":"publish","type":"page","link":"https:\/\/www.test.tremplin-handicap.fr\/index.php\/forums-de-recrutement\/","title":{"rendered":"Forums de recrutement"},"content":{"rendered":"\n<div class=\"wp-block-group alignfull has-palette-color-5-background-color has-background is-layout-constrained wp-block-group-is-layout-constrained\" style=\"padding-bottom:var(--wp--preset--spacing--20)\" data-block-type=\"core\">\n<div class=\"wp-block-media-text alignfull is-stacked-on-mobile has-luminous-vivid-amber-background-color has-background\" style=\"padding-top:var(--wp--preset--spacing--40);padding-bottom:var(--wp--preset--spacing--40);grid-template-columns:27% auto\" data-block-type=\"core\"><figure class=\"wp-block-media-text__media\"><img loading=\"lazy\" decoding=\"async\" width=\"405\" height=\"192\" src=\"https:\/\/www.test.tremplin-handicap.fr\/wp-content\/uploads\/2024\/12\/Forum-Handicap-Stage-Bleu-clair-e1784640979115.png\" alt=\"Logo Forum Handicap bleu\" class=\"wp-image-2207 size-full\" srcset=\"https:\/\/www.test.tremplin-handicap.fr\/wp-content\/uploads\/2024\/12\/Forum-Handicap-Stage-Bleu-clair-e1784640979115.png 405w, https:\/\/www.test.tremplin-handicap.fr\/wp-content\/uploads\/2024\/12\/Forum-Handicap-Stage-Bleu-clair-e1784640979115-300x142.png 300w\" sizes=\"auto, (max-width: 405px) 100vw, 405px\" \/><\/figure><div class=\"wp-block-media-text__content\">\n<div class=\"wp-block-stackable-heading stk-block-heading stk-block-heading--v2 stk-block stk-1b246fd\" id=\"span-style-color-var-theme-palette-color-6-fff-5-dc-background-color-var-theme-palette-color-2-6869-e-0-class-stk-highlight-nos-forums-de-recrutement-100-digitaux-span\" data-block-id=\"1b246fd\"><style>.stk-1b246fd {margin-top:30px !important;margin-bottom:0px !important;}.stk-1b246fd .stk-block-heading__text{color:var(--theme-palette-color-8, #ffffff) !important;}<\/style><h1 class=\"stk-block-heading__text has-text-color has-text-align-center\"><span style=\"color: var(--theme-palette-color-6, #FFF5DC);background-color: var(--theme-palette-color-2, #6869E0)\" class=\"stk-highlight\">nos forums de recrutement 100% DIGITAUX<\/span><\/h1><\/div>\n\n\n\n<div class=\"wp-block-stackable-heading stk-block-heading stk-block-heading--v2 stk-block stk-99d3861\" id=\"span-style-color-var-theme-palette-color-1-2-b-3056-class-stk-highlight-trois-forums-annuels-de-recrutement-a-distance-span\" data-block-id=\"99d3861\"><style>.stk-99d3861 {margin-top:30px !important;margin-bottom:0px !important;}<\/style><h4 class=\"stk-block-heading__text has-text-align-center\"><span style=\"color: var(--theme-palette-color-1, #2B3056);\" class=\"stk-highlight\">Trois forums annuels de recrutement \u00e0 distance : <\/span><\/h4><\/div>\n\n\n\n<div class=\"wp-block-stackable-heading stk-block-heading stk-block-heading--v2 stk-block stk-45aee85\" id=\"span-style-color-var-theme-palette-color-2-6869-e-0-class-stk-highlight-stage-alternance-et-premier-emploi-span\" data-block-id=\"45aee85\"><style>.stk-45aee85 .stk-block-heading__top-line{height:0px !important;}.stk-45aee85 {margin-top:30px !important;margin-bottom:0px !important;}<\/style><h4 class=\"stk-block-heading__text has-text-align-center\"><span style=\"color: var(--theme-palette-color-2, #6869E0);\" class=\"stk-highlight\">Stage, Alternance et Premier Emploi<\/span><\/h4><\/div>\n\n\n\n<p class=\"has-text-align-left has-palette-color-3-color has-palette-color-6-background-color has-text-color has-background has-link-color has-medium-font-size wp-elements-1 wp-block-paragraph\" style=\"margin-top:var(--wp--preset--spacing--50);margin-right:0;margin-bottom:var(--wp--preset--spacing--50);margin-left:0\" data-block-type=\"core\">L&rsquo;association propose trois forums de <strong>recrutement<\/strong> annuels : <strong>Stage<\/strong>, <strong>Alternance<\/strong> et <strong>Premier Emploi<\/strong>.<br><br>Ces forums mettent en relation les <strong>jeunes<\/strong> et les <strong>professionnels<\/strong> de nos employeurs partenaires lors d&rsquo;<strong>entretiens individuels<\/strong>. Pour chaque jeune, c&rsquo;est une opportunit\u00e9 concr\u00e8te de d\u00e9crocher un stage, un job d&rsquo;\u00e9t\u00e9, une alternance ou un premier emploi. <br><br>Les forums sont enti\u00e8rement \u00e0 distance et la participation est gratuite pour les jeunes.<\/p>\n<\/div><\/div>\n<\/div>\n\n\n\n<hr class=\"wp-block-separator has-alpha-channel-opacity\"\/ data-block-type=\"core\">\n\n\n\n<div class=\"wp-block-stackable-heading stk-block-heading stk-block-heading--v2 stk-block stk-b84528f\" id=\"c-omment-se-deroule-le-forum\" data-block-id=\"b84528f\"><style>.stk-b84528f .stk-block-heading__text{text-transform:uppercase !important;}<\/style><h3 class=\"stk-block-heading__text has-text-align-center\">cOMMENT SE D\u00c9ROULE LE FORUM ?<\/h3><\/div>\n\n\n\n<div class=\"wp-block-columns is-layout-flex wp-container-core-columns-is-layout-995f960e wp-block-columns-is-layout-flex\" data-block-type=\"core\">\n<div class=\"wp-block-column is-layout-flow wp-block-column-is-layout-flow\" data-block-type=\"core\">\n<p class=\"has-text-align-left has-palette-color-3-color has-palette-color-6-background-color has-text-color has-background has-link-color has-medium-font-size wp-elements-2 wp-block-paragraph\" style=\"margin-top:var(--wp--preset--spacing--50);margin-right:0;margin-bottom:var(--wp--preset--spacing--50);margin-left:0\" data-block-type=\"core\"><strong>Avec les forums, le profil des candidats est davantage mis en avant que leur CV<\/strong>. <br>Les entreprises participantes sont inform\u00e9es au pr\u00e9alable des recherches des jeunes et rencontrent les profils qu&rsquo;elles ont s\u00e9lectionn\u00e9s.<br><strong>TREMPLIN Handicap<\/strong> organise ensuite des <strong>plannings d&rsquo;entretiens<\/strong> pour jeunes et professionnels afin de r\u00e9pondre aux recherches de chacun.<\/p>\n\n\n\n<p class=\"has-text-align-left has-palette-color-3-color has-palette-color-6-background-color has-text-color has-background has-link-color has-medium-font-size wp-elements-3 wp-block-paragraph\" style=\"margin-top:var(--wp--preset--spacing--50);margin-right:0;margin-bottom:var(--wp--preset--spacing--50);margin-left:0\" data-block-type=\"core\">Les forums se d\u00e9roulent sur <strong>3 jours<\/strong>. <br>Ils sont ouverts par une s\u00e9ance d&rsquo;ouverture collective \u00e0 distance, et les entretiens ont une dur\u00e9e de <strong>30 minutes<\/strong>.<br>Les entretiens se font <strong>individuellement<\/strong> entre le jeune et le professionnel. <br><br>La s\u00e9ance d&rsquo;ouverture \u00e0 distance est <strong>obligatoire<\/strong> pour les participants. Un <strong>justificatif de pr\u00e9sence<\/strong> peut \u00eatre fourni par l&rsquo;association, par exemple pour l&rsquo;\u00e9tablissement scolaire ou l&#8217;employeur.<\/p>\n\n\n\n<p class=\"has-text-align-left has-palette-color-3-color has-palette-color-6-background-color has-text-color has-background has-link-color has-medium-font-size wp-elements-4 wp-block-paragraph\" style=\"margin-top:var(--wp--preset--spacing--50);margin-right:0;margin-bottom:var(--wp--preset--spacing--50);margin-left:0\" data-block-type=\"core\">Pour pr\u00e9parer au mieux cet \u00e9v\u00e9nement, nous proposons aux candidats participants de b\u00e9n\u00e9ficier d&rsquo;une <strong><a href=\"https:\/\/www.test.tremplin-handicap.fr\/index.php\/boostheure\/\" data-type=\"page\" data-id=\"1049\">s\u00e9ance Boost&rsquo;heure<\/a><\/strong> <strong>individuelle<\/strong> d\u2019<strong>1h<\/strong> avec un professionnel, ou de participer \u00e0 un <strong>atelier en pr\u00e9sentiel<\/strong> pour r\u00e9aliser des simulations d&rsquo;entretien<strong>.<\/strong><\/p>\n\n\n\n<p class=\"wp-block-paragraph\" data-block-type=\"core\"><\/p>\n<\/div>\n<\/div>\n\n\n\n<hr class=\"wp-block-separator has-alpha-channel-opacity\"\/ data-block-type=\"core\">\n\n\n\n<div class=\"wp-block-stackable-heading stk-block-heading stk-block-heading--v2 stk-block stk-f0ec4a2\" id=\"span-style-color-var-theme-palette-color-2-6869-e-0-class-stk-highlight-trois-foru-ms-span-par-an\" data-block-id=\"f0ec4a2\"><style>.stk-f0ec4a2 .stk-block-heading__text{text-transform:uppercase !important;}<\/style><h3 class=\"stk-block-heading__text has-text-align-center\"><span style=\"color: var(--theme-palette-color-2, #6869E0);\" class=\"stk-highlight\">trois FORUMs<\/span> par an <\/h3><\/div>\n\n\n\n<div class=\"wp-block-stackable-columns stk-block-columns stk-block stk-41d98cf\" data-block-id=\"41d98cf\"><div class=\"stk-row stk-inner-blocks stk-block-content stk-content-align stk-41d98cf-column\">\n<div class=\"wp-block-stackable-column stk-block-column stk-column stk-block stk-ffe784e\" data-v=\"4\" data-block-id=\"ffe784e\"><div class=\"stk-column-wrapper stk-block-column__content stk-container stk-ffe784e-container stk-hover-parent\"><div class=\"stk-block-content stk-inner-blocks stk-ffe784e-inner-blocks\">\n<div class=\"wp-block-uagb-image aligncenter uagb-block-13e21d2c wp-block-uagb-image--layout-default wp-block-uagb-image--effect-static wp-block-uagb-image--align-center\"><figure class=\"wp-block-uagb-image__figure\"><img decoding=\"async\" src=\"https:\/\/www.test.tremplin-handicap.fr\/wp-content\/uploads\/2026\/07\/Forum-Handicap-Stage-Bleu-clair.png\" alt=\"Logo Forum Handicap Stage bleu\" class=\"uag-image-2193\" width=\"269\" height=\"245\" title=\"Forum Handicap Stage Bleu clair\" loading=\"lazy\" role=\"img\" \/><\/figure><\/div>\n\n\n\n<div class=\"wp-block-stackable-text stk-block-text stk-block stk-b5e2720\" data-block-id=\"b5e2720\"><style>.stk-b5e2720 {margin-top:20px !important;}<\/style><p class=\"stk-block-text__text has-text-align-justify\">Cet \u00e9v\u00e9nement s&rsquo;adresse aux jeunes \u00e0 la recherche d&rsquo;un stage. Il a lieu au mois de <strong>novembre<\/strong>.<\/p><\/div>\n<\/div><\/div><\/div>\n\n\n\n<div class=\"wp-block-stackable-column stk-block-column stk-column stk-block stk-a1cbe3e\" data-v=\"4\" data-block-id=\"a1cbe3e\"><div class=\"stk-column-wrapper stk-block-column__content stk-container stk-a1cbe3e-container stk-hover-parent\"><div class=\"stk-block-content stk-inner-blocks stk-a1cbe3e-inner-blocks\">\n<div class=\"wp-block-uagb-image aligncenter uagb-block-d98e37d7 wp-block-uagb-image--layout-default wp-block-uagb-image--effect-static wp-block-uagb-image--align-center\"><figure class=\"wp-block-uagb-image__figure\"><img decoding=\"async\" src=\"https:\/\/www.test.tremplin-handicap.fr\/wp-content\/uploads\/2026\/07\/Forum-Handicap-1er-Emploi-Bleu-clair.png\" alt=\"Logo Forum Handicap 1er Emploi bleu\" class=\"uag-image-2195\" width=\"253\" height=\"34\" title=\"Forum Handicap 1er Emploi Bleu clair\" loading=\"lazy\" role=\"img\" \/><\/figure><\/div>\n\n\n\n<div class=\"wp-block-stackable-text stk-block-text stk-block stk-50cdd77\" data-block-id=\"50cdd77\"><style>.stk-50cdd77 {margin-top:20px !important;}<\/style><p class=\"stk-block-text__text has-text-align-justify\">Cet \u00e9v\u00e9nement s&rsquo;adresse aux \u00e9tudiants et jeunes dipl\u00f4m\u00e9s \u00e0 la recherche de leur 1er Emploi. Il a lieu au mois de<strong> f\u00e9vrier<\/strong>.&nbsp;<\/p><\/div>\n<\/div><\/div><\/div>\n\n\n\n<div class=\"wp-block-stackable-column stk-block-column stk-column stk-block stk-dac453a\" data-v=\"4\" data-block-id=\"dac453a\"><div class=\"stk-column-wrapper stk-block-column__content stk-container stk-dac453a-container stk-hover-parent\"><div class=\"stk-block-content stk-inner-blocks stk-dac453a-inner-blocks\">\n<div class=\"wp-block-uagb-image aligncenter uagb-block-aa1085e5 wp-block-uagb-image--layout-default wp-block-uagb-image--effect-static wp-block-uagb-image--align-center\"><figure class=\"wp-block-uagb-image__figure\"><img decoding=\"async\" src=\"https:\/\/www.test.tremplin-handicap.fr\/wp-content\/uploads\/2026\/07\/Forum-Handicap-Alternance-Bleu-clair.png\" alt=\"\" class=\"uag-image-2194\" width=\"253\" height=\"516\" title=\"Forum Handicap Alternance Bleu clair\" loading=\"lazy\" role=\"img\" \/><\/figure><\/div>\n\n\n\n<div class=\"wp-block-stackable-text stk-block-text stk-block stk-94ec27b\" data-block-id=\"94ec27b\"><style>.stk-94ec27b {margin-top:20px !important;}<\/style><p class=\"stk-block-text__text has-text-align-justify\">Cet \u00e9v\u00e9nement s&rsquo;adresse aux \u00e9tudiants \u00e0 la recherche d&rsquo;une alternance. Il a lieu au mois d&rsquo;<strong>avril<\/strong>.&nbsp;<\/p><\/div>\n<\/div><\/div><\/div>\n<\/div><\/div>\n\n\n\n<p class=\"wp-block-paragraph\" data-block-type=\"core\"><\/p>\n","protected":false},"excerpt":{"rendered":"<p>nos forums de recrutement 100% DIGITAUX Trois forums annuels de recrutement \u00e0 distance : Stage, Alternance et Premier Emploi L&rsquo;association propose trois forums de recrutement annuels : Stage, Alternance et [&hellip;]<\/p>\n","protected":false},"author":2,"featured_media":0,"parent":0,"menu_order":0,"comment_status":"closed","ping_status":"closed","template":"","meta":{"_uag_custom_page_level_css":"","_EventAllDay":false,"_EventTimezone":"","_EventStartDate":"","_EventEndDate":"","_EventStartDateUTC":"","_EventEndDateUTC":"","_EventShowMap":false,"_EventShowMapLink":false,"_EventURL":"","_EventCost":"","_EventCostDescription":"","_EventCurrencySymbol":"","_EventCurrencyCode":"","_EventCurrencyPosition":"","_EventDateTimeSeparator":"","_EventTimeRangeSeparator":"","_EventOrganizerID":[],"_EventVenueID":[],"_OrganizerEmail":"","_OrganizerPhone":"","_OrganizerWebsite":"","_VenueAddress":"","_VenueCity":"","_VenueCountry":"","_VenueProvince":"","_VenueState":"","_VenueZip":"","_VenuePhone":"","_VenueURL":"","_VenueStateProvince":"","_VenueLat":"","_VenueLng":"","_VenueShowMap":false,"_VenueShowMapLink":false,"footnotes":""},"class_list":["post-1051","page","type-page","status-publish","hentry"],"blocksy_meta":[],"uagb_featured_image_src":{"full":false,"thumbnail":false,"medium":false,"medium_large":false,"large":false,"1536x1536":false,"2048x2048":false},"uagb_author_info":{"display_name":"Christian Handicap","author_link":"https:\/\/www.test.tremplin-handicap.fr\/index.php\/author\/administrateur\/"},"uagb_comment_info":0,"uagb_excerpt":"nos forums de recrutement 100% DIGITAUX Trois forums annuels de recrutement \u00e0 distance : Stage, Alternance et Premier Emploi L&rsquo;association propose trois forums de recrutement annuels : Stage, Alternance et [&hellip;]","_links":{"self":[{"href":"https:\/\/www.test.tremplin-handicap.fr\/index.php\/wp-json\/wp\/v2\/pages\/1051","targetHints":{"allow":["GET"]}}],"collection":[{"href":"https:\/\/www.test.tremplin-handicap.fr\/index.php\/wp-json\/wp\/v2\/pages"}],"about":[{"href":"https:\/\/www.test.tremplin-handicap.fr\/index.php\/wp-json\/wp\/v2\/types\/page"}],"author":[{"embeddable":true,"href":"https:\/\/www.test.tremplin-handicap.fr\/index.php\/wp-json\/wp\/v2\/users\/2"}],"replies":[{"embeddable":true,"href":"https:\/\/www.test.tremplin-handicap.fr\/index.php\/wp-json\/wp\/v2\/comments?post=1051"}],"version-history":[{"count":18,"href":"https:\/\/www.test.tremplin-handicap.fr\/index.php\/wp-json\/wp\/v2\/pages\/1051\/revisions"}],"predecessor-version":[{"id":2781,"href":"https:\/\/www.test.tremplin-handicap.fr\/index.php\/wp-json\/wp\/v2\/pages\/1051\/revisions\/2781"}],"wp:attachment":[{"href":"https:\/\/www.test.tremplin-handicap.fr\/index.php\/wp-json\/wp\/v2\/media?parent=1051"}],"curies":[{"name":"wp","href":"https:\/\/api.w.org\/{rel}","templated":true}]}}