{"id":1048,"date":"2024-03-07T11:12:20","date_gmt":"2024-03-07T10:12:20","guid":{"rendered":"https:\/\/www.test.tremplin-handicap.fr\/?page_id=1048"},"modified":"2024-10-17T17:20:35","modified_gmt":"2024-10-17T15:20:35","slug":"semaine-hanroute","status":"publish","type":"page","link":"https:\/\/www.test.tremplin-handicap.fr\/index.php\/semaine-hanroute\/","title":{"rendered":"Semaine Han&rsquo;route vers mon avenir"},"content":{"rendered":"\n<div class=\"wp-block-group alignfull has-palette-color-5-background-color has-background is-layout-constrained wp-block-group-is-layout-constrained\" style=\"padding-bottom:var(--wp--preset--spacing--20)\" data-block-type=\"core\">\n<div class=\"wp-block-media-text alignfull is-stacked-on-mobile is-image-fill has-palette-color-5-background-color has-background\" style=\"padding-top:var(--wp--preset--spacing--40);padding-bottom:var(--wp--preset--spacing--40);grid-template-columns:27% auto\" data-block-type=\"core\"><figure class=\"wp-block-media-text__media\" style=\"background-image:url(https:\/\/www.test.tremplin-handicap.fr\/wp-content\/uploads\/2024\/03\/entreprises.jpg);background-position:50% 50%\"><img loading=\"lazy\" decoding=\"async\" width=\"810\" height=\"540\" src=\"https:\/\/www.test.tremplin-handicap.fr\/wp-content\/uploads\/2024\/03\/entreprises.jpg\" alt=\"\" class=\"wp-image-1095 size-full\" srcset=\"https:\/\/www.test.tremplin-handicap.fr\/wp-content\/uploads\/2024\/03\/entreprises.jpg 810w, https:\/\/www.test.tremplin-handicap.fr\/wp-content\/uploads\/2024\/03\/entreprises-300x200.jpg 300w, https:\/\/www.test.tremplin-handicap.fr\/wp-content\/uploads\/2024\/03\/entreprises-768x512.jpg 768w\" sizes=\"auto, (max-width: 810px) 100vw, 810px\" \/><\/figure><div class=\"wp-block-media-text__content\">\n<div class=\"wp-block-stackable-heading stk-block-heading stk-block-heading--v2 stk-block stk-1b246fd\" id=\"span-style-color-var-theme-palette-color-2-6869-e-0-background-linear-gradient-to-bottom-transparent-50-var-theme-palette-color-6-fff-5-dc-50-class-stk-highlight-programme-hanroute-vers-mon-avenir-span\" data-block-id=\"1b246fd\"><style>.stk-1b246fd {margin-top:30px !important;margin-bottom:0px !important;}.stk-1b246fd .stk-block-heading__text{color:var(--theme-palette-color-8, #ffffff) !important;}<\/style><h1 class=\"stk-block-heading__text has-text-color has-text-align-center\"><span style=\"color: var(--theme-palette-color-2, #6869E0);background: linear-gradient(to bottom, transparent 50%, var(--theme-palette-color-6, #FFF5DC) 50%)\" class=\"stk-highlight\">PROGRAMME han&rsquo;route vers mon avenir<\/span><\/h1><\/div>\n\n\n\n<div class=\"wp-block-stackable-heading stk-block-heading stk-block-heading--v2 stk-block stk-99d3861\" id=\"span-style-color-var-theme-palette-color-8-ffffff-class-stk-highlight-une-semaine-de-decouverte-pour-les-collegiens-et-lyceens-en-situation-de-handicap-span\" data-block-id=\"99d3861\"><style>.stk-99d3861 {margin-top:30px !important;margin-bottom:0px !important;}<\/style><h4 class=\"stk-block-heading__text has-text-align-center\"><span style=\"color: var(--theme-palette-color-8, #ffffff);\" class=\"stk-highlight\">Une semaine de d\u00e9couverte pour les coll\u00e9giens et lyc\u00e9ens en situation de handicap<\/span><\/h4><\/div>\n\n\n\n<p class=\"has-text-align-left has-palette-color-3-color has-palette-color-6-background-color has-text-color has-background has-link-color has-medium-font-size wp-elements-3591ee08eaca8b293e76575ca6440b05\" style=\"margin-top:var(--wp--preset--spacing--50);margin-right:0;margin-bottom:var(--wp--preset--spacing--50);margin-left:0\" data-block-type=\"core\">Han&rsquo;route vers mon avenir est un programme original d&rsquo;une semaine propos\u00e9 gratuitement aux \u00e9l\u00e8ves en situation de handicap pour les inspirer dans la construction de leur projets d&rsquo;orientation. <\/p>\n\n\n\n<p class=\"has-text-align-left has-palette-color-3-color has-palette-color-6-background-color has-text-color has-background has-link-color has-medium-font-size wp-elements-834aaa9cbe5ca68e19cae196fa143e0f\" style=\"margin-top:var(--wp--preset--spacing--50);margin-right:0;margin-bottom:var(--wp--preset--spacing--50);margin-left:0\" data-block-type=\"core\">Construit dans le cadre du Parcours Avenir de l&rsquo;Education Nationale, l&rsquo;objectif de ce programme est d&rsquo;<strong>aider les jeunes en situation d&rsquo;handicap \u00e0 se projeter plus sereinement dans leur avenir acad\u00e9mique et professionnel<\/strong>. L&rsquo;engagement collectif des entreprises, des \u00e9tablissements de l&rsquo;enseignement sup\u00e9rieur, des coll\u00e8ges et des lyc\u00e9es permet au programme d&rsquo;\u00eatre au plus pr\u00e8s des jeunes et de leurs territoires.<\/p>\n\n\n\n<p class=\"has-text-align-left has-palette-color-3-color has-palette-color-6-background-color has-text-color has-background has-link-color has-medium-font-size wp-elements-1dc979336245f9805c5a398e1fc1a014\" style=\"margin-top:var(--wp--preset--spacing--50);margin-right:0;margin-bottom:var(--wp--preset--spacing--50);margin-left:0\" data-block-type=\"core\"><strong><span style=\"color: var(--theme-palette-color-4, #A0A1E7);\" class=\"stk-highlight\">Notre ambition<\/span><\/strong> : <strong>Donner confiance et envie aux jeunes en situation de handicap de se&nbsp;construire un parcours acad\u00e9mique ambitieux au-del\u00e0 du baccalaur\u00e9at en les lib\u00e9rant des st\u00e9r\u00e9otypes, des d\u00e9terminismes et des processus d&rsquo;auto-censure li\u00e9s au handicap.<\/strong><\/p>\n\n\n\n<div class=\"wp-block-stackable-image stk-block-image has-text-align-right stk-block stk-5055d79\" data-block-id=\"5055d79\"><style>.stk-5055d79 {margin-bottom:-22px !important;}.stk-5055d79 .stk-img-wrapper{width:10% !important;}<\/style><figure><span class=\"stk-img-wrapper stk-image--shape-stretch\"><img loading=\"lazy\" decoding=\"async\" class=\"stk-img wp-image-1113\" src=\"https:\/\/www.test.tremplin-handicap.fr\/wp-content\/uploads\/2024\/03\/LOGO-jaune-e1710412699219.png\" width=\"1013\" height=\"478\" srcset=\"https:\/\/www.test.tremplin-handicap.fr\/wp-content\/uploads\/2024\/03\/LOGO-jaune-e1710412699219.png 1013w, https:\/\/www.test.tremplin-handicap.fr\/wp-content\/uploads\/2024\/03\/LOGO-jaune-e1710412699219-300x142.png 300w, https:\/\/www.test.tremplin-handicap.fr\/wp-content\/uploads\/2024\/03\/LOGO-jaune-e1710412699219-768x362.png 768w\" sizes=\"auto, (max-width: 1013px) 100vw, 1013px\" \/><\/span><\/figure><\/div>\n<\/div><\/div>\n<\/div>\n\n\n\n<div class=\"wp-block-stackable-separator alignfull stk-block-separator stk--no-padding stk-block stk-7f58a1c stk-block-background\" data-block-id=\"7f58a1c\"><style>.stk-7f58a1c {background-color:var(--theme-palette-color-5, #F6BE00) !important;align-items:flex-start !important;margin-top:-25px !important;margin-bottom:0px !important;display:flex !important;}.stk-7f58a1c:before{background-color:var(--theme-palette-color-5, #F6BE00) !important;}.stk-7f58a1c .stk-block-separator__inner{height:125px !important;}<\/style><div class=\"stk-block-separator__inner\"><svg xmlns=\"http:\/\/www.w3.org\/2000\/svg\" viewBox=\"0 0 1600 200\" class=\"stk-separator__layer-1\" preserveAspectRatio=\"none\" aria-hidden=\"true\"><path class=\"rounded-2_svg__st2\" d=\"M1609.5 133.2h-9.5c0-10.9-8.9-19.8-19.8-19.8H19.8C8.9 113.3 0 122.2 0 133.2l-10-.2v77h1619.5v-76.8z\"><\/path><\/svg><\/div><\/div>\n\n\n\n<div class=\"wp-block-uagb-image aligncenter uagb-block-0e9d1230 wp-block-uagb-image--layout-default wp-block-uagb-image--effect-static wp-block-uagb-image--align-center\"><figure class=\"wp-block-uagb-image__figure\"><img decoding=\"async\" srcset=\"https:\/\/www.test.tremplin-handicap.fr\/wp-content\/uploads\/2024\/03\/hanroute-1024x498.png ,https:\/\/www.test.tremplin-handicap.fr\/wp-content\/uploads\/2024\/03\/hanroute.png 780w, https:\/\/www.test.tremplin-handicap.fr\/wp-content\/uploads\/2024\/03\/hanroute.png 360w\" sizes=\"auto, (max-width: 480px) 150px\" src=\"https:\/\/www.test.tremplin-handicap.fr\/wp-content\/uploads\/2024\/03\/hanroute-1024x498.png\" alt=\"\" class=\"uag-image-1638\" width=\"371\" height=\"180\" title=\"hanroute\" loading=\"lazy\" role=\"img\"\/><\/figure><\/div>\n\n\n\n<div class=\"wp-block-stackable-heading stk-block-heading stk-block-heading--v2 stk-block stk-b84528f\" id=\"les-span-style-color-var-theme-palette-color-2-6869-e-0-class-stk-highlight-quatre-span-axes-de-la-semaine-de-stage\" data-block-id=\"b84528f\"><style>.stk-b84528f .stk-block-heading__text{color:var(--theme-palette-color-1, #2B3056) !important;text-transform:uppercase !important;}<\/style><h3 class=\"stk-block-heading__text has-text-color has-text-align-center\">Les <span style=\"color: var(--theme-palette-color-2, #6869E0);\" class=\"stk-highlight\">quatre<\/span> axes de la semaine de stage<\/h3><\/div>\n\n\n\n<div class=\"wp-block-stackable-columns stk-block-columns stk-block stk-41d98cf\" data-block-id=\"41d98cf\"><div class=\"stk-row stk-inner-blocks stk-block-content stk-content-align stk-41d98cf-column\">\n<div class=\"wp-block-stackable-column stk-block-column stk-column stk-block stk-ffe784e\" data-v=\"4\" data-block-id=\"ffe784e\"><div class=\"stk-column-wrapper stk-block-column__content stk-container stk-ffe784e-container stk-hover-parent\"><div class=\"stk-block-content stk-inner-blocks stk-ffe784e-inner-blocks\">\n<div class=\"wp-block-stackable-number-box stk-block-number-box has-text-align-center stk--has-shape stk-block stk-3c95a26\" data-block-id=\"3c95a26\"><style>.stk-3c95a26 .stk-block-number-box__text{background-color:var(--theme-palette-color-2, #6869E0) !important;}.stk-3c95a26 .stk-block-number-box__text:before{background-color:var(--theme-palette-color-2, #6869E0) !important;}<\/style><div class=\"stk-block-number-box__text\" role=\"presentation\">1<\/div><\/div>\n\n\n\n<div class=\"wp-block-stackable-text stk-block-text stk-block stk-b5e2720\" data-block-id=\"b5e2720\"><style>.stk-b5e2720 {margin-top:20px !important;}.stk-b5e2720 .stk-block-text__text{font-size:20px !important;}@media screen and (max-width:999px){.stk-b5e2720 .stk-block-text__text{font-size:20px !important;}}<\/style><p class=\"stk-block-text__text has-text-align-center\">La d\u00e9couverte de plusieurs <strong>entreprises<\/strong> et de leurs m\u00e9tiers<\/p><\/div>\n<\/div><\/div><\/div>\n\n\n\n<div class=\"wp-block-stackable-column stk-block-column stk-column stk-block stk-570fec5\" data-v=\"4\" data-block-id=\"570fec5\"><div class=\"stk-column-wrapper stk-block-column__content stk-container stk-570fec5-container stk-hover-parent\"><div class=\"stk-block-content stk-inner-blocks stk-570fec5-inner-blocks\">\n<div class=\"wp-block-stackable-number-box stk-block-number-box has-text-align-center stk--has-shape stk-block stk-c85d656\" data-block-id=\"c85d656\"><style>.stk-c85d656 .stk-block-number-box__text{background-color:var(--theme-palette-color-2, #6869E0) !important;}.stk-c85d656 .stk-block-number-box__text:before{background-color:var(--theme-palette-color-2, #6869E0) !important;}<\/style><div class=\"stk-block-number-box__text\" role=\"presentation\">2<\/div><\/div>\n\n\n\n<div class=\"wp-block-stackable-text stk-block-text stk-block stk-a47d59b\" data-block-id=\"a47d59b\"><style>.stk-a47d59b {margin-top:20px !important;}.stk-a47d59b .stk-block-text__text{font-size:20px !important;}@media screen and (max-width:999px){.stk-a47d59b .stk-block-text__text{font-size:20px !important;}}<\/style><p class=\"stk-block-text__text has-text-align-center\">La d\u00e9couverte d&rsquo;<strong>\u00e9tablissements de l&rsquo;enseignement sup\u00e9rieur<\/strong><\/p><\/div>\n<\/div><\/div><\/div>\n\n\n\n<div class=\"wp-block-stackable-column stk-block-column stk-column stk-block stk-bfe7b6e\" data-v=\"4\" data-block-id=\"bfe7b6e\"><div class=\"stk-column-wrapper stk-block-column__content stk-container stk-bfe7b6e-container stk-hover-parent\"><div class=\"stk-block-content stk-inner-blocks stk-bfe7b6e-inner-blocks\">\n<div class=\"wp-block-stackable-number-box stk-block-number-box has-text-align-center stk--has-shape stk-block stk-6a6f77b\" data-block-id=\"6a6f77b\"><style>.stk-6a6f77b .stk-block-number-box__text{background-color:var(--theme-palette-color-2, #6869E0) !important;}.stk-6a6f77b .stk-block-number-box__text:before{background-color:var(--theme-palette-color-2, #6869E0) !important;}<\/style><div class=\"stk-block-number-box__text\" role=\"presentation\">3<\/div><\/div>\n\n\n\n<div class=\"wp-block-stackable-text stk-block-text stk-block stk-f3a8fee\" data-block-id=\"f3a8fee\"><style>.stk-f3a8fee {margin-top:20px !important;}.stk-f3a8fee .stk-block-text__text{font-size:20px !important;}@media screen and (max-width:999px){.stk-f3a8fee .stk-block-text__text{font-size:20px !important;}}<\/style><p class=\"stk-block-text__text has-text-align-center\">L&rsquo;\u00e9laboration de son <strong>projet d&rsquo;orientation<\/strong><\/p><\/div>\n<\/div><\/div><\/div>\n\n\n\n<div class=\"wp-block-stackable-column stk-block-column stk-column stk-block stk-130c252\" data-v=\"4\" data-block-id=\"130c252\"><div class=\"stk-column-wrapper stk-block-column__content stk-container stk-130c252-container stk-hover-parent\"><div class=\"stk-block-content stk-inner-blocks stk-130c252-inner-blocks\">\n<div class=\"wp-block-stackable-number-box stk-block-number-box has-text-align-center stk--has-shape stk-block stk-4ad885d\" data-block-id=\"4ad885d\"><style>.stk-4ad885d .stk-block-number-box__text{background-color:var(--theme-palette-color-2, #6869E0) !important;}.stk-4ad885d .stk-block-number-box__text:before{background-color:var(--theme-palette-color-2, #6869E0) !important;}<\/style><div class=\"stk-block-number-box__text\" role=\"presentation\">4<\/div><\/div>\n\n\n\n<div class=\"wp-block-stackable-text stk-block-text stk-block stk-4ff1c09\" data-block-id=\"4ff1c09\"><style>.stk-4ff1c09 {margin-top:20px !important;}.stk-4ff1c09 .stk-block-text__text{font-size:20px !important;}@media screen and (max-width:999px){.stk-4ff1c09 .stk-block-text__text{font-size:20px !important;}}<\/style><p class=\"stk-block-text__text has-text-align-center\">La r\u00e9v\u00e9lation de ses capacit\u00e9s \u00e0 travers des <strong>activit\u00e9s ludiques<\/strong><\/p><\/div>\n<\/div><\/div><\/div>\n<\/div><\/div>\n\n\n\n<div class=\"wp-block-stackable-separator alignfull stk-block-separator stk--no-padding stk-block stk-9608791\" data-block-id=\"9608791\"><style>.stk-9608791 {align-items:flex-start !important;margin-top:-25px !important;margin-bottom:0px !important;display:flex !important;}.stk-9608791 .stk-block-separator__inner{height:125px !important;}<\/style><div class=\"stk-block-separator__inner\"><svg xmlns=\"http:\/\/www.w3.org\/2000\/svg\" viewBox=\"0 0 1600 200\" class=\"stk-separator__layer-1\" preserveAspectRatio=\"none\" aria-hidden=\"true\"><path class=\"rounded-2_svg__st2\" d=\"M1609.5 133.2h-9.5c0-10.9-8.9-19.8-19.8-19.8H19.8C8.9 113.3 0 122.2 0 133.2l-10-.2v77h1619.5v-76.8z\"><\/path><\/svg><\/div><\/div>\n\n\n\n<div class=\"wp-block-stackable-heading stk-block-heading stk-block-heading--v2 stk-block stk-8851627\" id=\"comment-span-style-color-var-theme-palette-color-2-6869-e-0-class-stk-highlight-participer-span-au-programme\" data-block-id=\"8851627\"><style>.stk-8851627 .stk-block-heading__text{text-transform:uppercase !important;}<\/style><h3 class=\"stk-block-heading__text has-text-align-center\">COMMENT <span style=\"color: var(--theme-palette-color-2, #6869E0);\" class=\"stk-highlight\">PARTICIPER<\/span> au programme ?<\/h3><\/div>\n\n\n<div class=\"wp-block-uagb-faq uagb-faq__outer-wrap uagb-block-b7b415cf uagb-faq-icon-row uagb-faq-layout-accordion uagb-faq-expand-first-false uagb-faq-inactive-other-true uagb-faq__wrap uagb-buttons-layout-wrap uagb-faq-equal-height     \" data-faqtoggle=\"true\" role=\"tablist\"><div class=\"wp-block-uagb-faq-child uagb-faq-child__outer-wrap uagb-faq-item uagb-block-30812f85 \" role=\"tab\" tabindex=\"0\"><div class=\"uagb-faq-questions-button uagb-faq-questions\">\t\t\t<span class=\"uagb-icon uagb-faq-icon-wrap\">\n\t\t\t\t\t\t\t\t<svg xmlns=\"https:\/\/www.w3.org\/2000\/svg\" viewBox= \"0 0 576 512\"><path d=\"M208 48C208 74.51 186.5 96 160 96C133.5 96 112 74.51 112 48C112 21.49 133.5 0 160 0C186.5 0 208 21.49 208 48zM152 352V480C152 497.7 137.7 512 120 512C102.3 512 88 497.7 88 480V256.9L59.43 304.5C50.33 319.6 30.67 324.5 15.52 315.4C.3696 306.3-4.531 286.7 4.573 271.5L62.85 174.6C80.2 145.7 111.4 128 145.1 128H174.9C208.6 128 239.8 145.7 257.2 174.6L302.1 249.3C285.1 266.9 273.4 287.7 265.5 310.8C263.6 308.9 261.1 306.8 260.6 304.5L232 256.9V480C232 497.7 217.7 512 200 512C182.3 512 168 497.7 168 480V352L152 352zM288 368C288 288.5 352.5 224 432 224C511.5 224 576 288.5 576 368C576 447.5 511.5 512 432 512C352.5 512 288 447.5 288 368zM432 464C445.3 464 456 453.3 456 440C456 426.7 445.3 416 432 416C418.7 416 408 426.7 408 440C408 453.3 418.7 464 432 464zM368 328C368 336.8 375.2 344 384 344C392.8 344 400 336.8 400 328V321.6C400 316.3 404.3 312 409.6 312H450.1C457.8 312 464 318.2 464 325.9C464 331.1 461.1 335.8 456.6 338.3L424.6 355.1C419.3 357.9 416 363.3 416 369.2V384C416 392.8 423.2 400 432 400C440.8 400 448 392.8 448 384V378.9L471.5 366.6C486.5 358.6 496 342.1 496 325.9C496 300.6 475.4 280 450.1 280H409.6C386.6 280 368 298.6 368 321.6V328z\"><\/path><\/svg>\n\t\t\t\t\t\t\t<\/span>\n\t\t\t\t\t\t<span class=\"uagb-icon-active uagb-faq-icon-wrap\">\n\t\t\t\t\t\t\t\t<svg xmlns=\"https:\/\/www.w3.org\/2000\/svg\" viewBox= \"0 0 448 512\"><path d=\"M400 288h-352c-17.69 0-32-14.32-32-32.01s14.31-31.99 32-31.99h352c17.69 0 32 14.3 32 31.99S417.7 288 400 288z\"><\/path><\/svg>\n\t\t\t\t\t\t\t<\/span>\n\t\t\t<h5 class=\"uagb-question\">Vous souhaitez inscrire un ou plusieurs \u00e9l\u00e8ves ?<\/h5><\/div><div class=\"uagb-faq-content\"><p>Vous \u00eates parents, chef d&rsquo;\u00e9tablissement, professeur, enseignant r\u00e9f\u00e9rent, veuillez envoyer un mail \u00e0 l&rsquo;adresse : <strong>orientation@tremplin-handicap.fr<\/strong><br>Vous recevrez le lien d&rsquo;inscription, la pr\u00e9sentation d\u00e9taill\u00e9e du programme, le calendrier des sessions pour l&rsquo;ann\u00e9e scolaire en cours. <br>Les \u00e9l\u00e8ves peuvent participer au programme dans la limite des places disponibles. <br>Chaque groupe d&rsquo;\u00e9l\u00e8ves (8 maximum) est accompagn\u00e9 par une psychologue d&rsquo;orientation de l&rsquo;association.<\/p><\/div><\/div><div class=\"wp-block-uagb-faq-child uagb-faq-child__outer-wrap uagb-faq-item uagb-block-1d261bf6 \" role=\"tab\" tabindex=\"0\"><div class=\"uagb-faq-questions-button uagb-faq-questions\">\t\t\t<span class=\"uagb-icon uagb-faq-icon-wrap\">\n\t\t\t\t\t\t\t\t<svg xmlns=\"https:\/\/www.w3.org\/2000\/svg\" viewBox= \"0 0 576 512\"><path d=\"M208 48C208 74.51 186.5 96 160 96C133.5 96 112 74.51 112 48C112 21.49 133.5 0 160 0C186.5 0 208 21.49 208 48zM152 352V480C152 497.7 137.7 512 120 512C102.3 512 88 497.7 88 480V256.9L59.43 304.5C50.33 319.6 30.67 324.5 15.52 315.4C.3696 306.3-4.531 286.7 4.573 271.5L62.85 174.6C80.2 145.7 111.4 128 145.1 128H174.9C208.6 128 239.8 145.7 257.2 174.6L302.1 249.3C285.1 266.9 273.4 287.7 265.5 310.8C263.6 308.9 261.1 306.8 260.6 304.5L232 256.9V480C232 497.7 217.7 512 200 512C182.3 512 168 497.7 168 480V352L152 352zM288 368C288 288.5 352.5 224 432 224C511.5 224 576 288.5 576 368C576 447.5 511.5 512 432 512C352.5 512 288 447.5 288 368zM432 464C445.3 464 456 453.3 456 440C456 426.7 445.3 416 432 416C418.7 416 408 426.7 408 440C408 453.3 418.7 464 432 464zM368 328C368 336.8 375.2 344 384 344C392.8 344 400 336.8 400 328V321.6C400 316.3 404.3 312 409.6 312H450.1C457.8 312 464 318.2 464 325.9C464 331.1 461.1 335.8 456.6 338.3L424.6 355.1C419.3 357.9 416 363.3 416 369.2V384C416 392.8 423.2 400 432 400C440.8 400 448 392.8 448 384V378.9L471.5 366.6C486.5 358.6 496 342.1 496 325.9C496 300.6 475.4 280 450.1 280H409.6C386.6 280 368 298.6 368 321.6V328z\"><\/path><\/svg>\n\t\t\t\t\t\t\t<\/span>\n\t\t\t\t\t\t<span class=\"uagb-icon-active uagb-faq-icon-wrap\">\n\t\t\t\t\t\t\t\t<svg xmlns=\"https:\/\/www.w3.org\/2000\/svg\" viewBox= \"0 0 448 512\"><path d=\"M400 288h-352c-17.69 0-32-14.32-32-32.01s14.31-31.99 32-31.99h352c17.69 0 32 14.3 32 31.99S417.7 288 400 288z\"><\/path><\/svg>\n\t\t\t\t\t\t\t<\/span>\n\t\t\t<h5 class=\"uagb-question\">Entreprises, le programme vous int\u00e9resse ?<\/h5><\/div><div class=\"uagb-faq-content\"><p>Vous souhaitez pr\u00e9senter votre entreprise, vos activit\u00e9s, votre mission handicap ? Vos collaborateurs souhaitent t\u00e9moigner de leur parcours ? <br>Vous souhaitez avoir plus d&rsquo;information sur le programme et les modalit\u00e9s de participation ? Veuillez nous contacter \u00e0 l&rsquo;adresse : <strong>orientation@tremplin-handicap.fr<\/strong><\/p><\/div><\/div><div class=\"wp-block-uagb-faq-child uagb-faq-child__outer-wrap uagb-faq-item uagb-block-e31bca3a \" role=\"tab\" tabindex=\"0\"><div class=\"uagb-faq-questions-button uagb-faq-questions\">\t\t\t<span class=\"uagb-icon uagb-faq-icon-wrap\">\n\t\t\t\t\t\t\t\t<svg xmlns=\"https:\/\/www.w3.org\/2000\/svg\" viewBox= \"0 0 576 512\"><path d=\"M208 48C208 74.51 186.5 96 160 96C133.5 96 112 74.51 112 48C112 21.49 133.5 0 160 0C186.5 0 208 21.49 208 48zM152 352V480C152 497.7 137.7 512 120 512C102.3 512 88 497.7 88 480V256.9L59.43 304.5C50.33 319.6 30.67 324.5 15.52 315.4C.3696 306.3-4.531 286.7 4.573 271.5L62.85 174.6C80.2 145.7 111.4 128 145.1 128H174.9C208.6 128 239.8 145.7 257.2 174.6L302.1 249.3C285.1 266.9 273.4 287.7 265.5 310.8C263.6 308.9 261.1 306.8 260.6 304.5L232 256.9V480C232 497.7 217.7 512 200 512C182.3 512 168 497.7 168 480V352L152 352zM288 368C288 288.5 352.5 224 432 224C511.5 224 576 288.5 576 368C576 447.5 511.5 512 432 512C352.5 512 288 447.5 288 368zM432 464C445.3 464 456 453.3 456 440C456 426.7 445.3 416 432 416C418.7 416 408 426.7 408 440C408 453.3 418.7 464 432 464zM368 328C368 336.8 375.2 344 384 344C392.8 344 400 336.8 400 328V321.6C400 316.3 404.3 312 409.6 312H450.1C457.8 312 464 318.2 464 325.9C464 331.1 461.1 335.8 456.6 338.3L424.6 355.1C419.3 357.9 416 363.3 416 369.2V384C416 392.8 423.2 400 432 400C440.8 400 448 392.8 448 384V378.9L471.5 366.6C486.5 358.6 496 342.1 496 325.9C496 300.6 475.4 280 450.1 280H409.6C386.6 280 368 298.6 368 321.6V328z\"><\/path><\/svg>\n\t\t\t\t\t\t\t<\/span>\n\t\t\t\t\t\t<span class=\"uagb-icon-active uagb-faq-icon-wrap\">\n\t\t\t\t\t\t\t\t<svg xmlns=\"https:\/\/www.w3.org\/2000\/svg\" viewBox= \"0 0 448 512\"><path d=\"M400 288h-352c-17.69 0-32-14.32-32-32.01s14.31-31.99 32-31.99h352c17.69 0 32 14.3 32 31.99S417.7 288 400 288z\"><\/path><\/svg>\n\t\t\t\t\t\t\t<\/span>\n\t\t\t<h5 class=\"uagb-question\">Etablissements d&rsquo;enseignement sup\u00e9rieur, le programme vous int\u00e9resse ?<\/h5><\/div><div class=\"uagb-faq-content\"><p>Vous souhaitez pr\u00e9senter votre \u00e9tablissement, votre offre de formation, votre mission handicap ? Vos \u00e9tudiants sont volontaires pour t\u00e9moigner de leur exp\u00e9rience ?<br>Vous souhaitez avoir plus d&rsquo;information sur le programme et les modalit\u00e9s de participation ? Veuillez nous contacter \u00e0 l&rsquo;adresse : <strong>orientation@tremplin-handicap.fr<\/strong><\/p><\/div><\/div><\/div>\n\n\n<div class=\"wp-block-stackable-separator alignfull stk-block-separator stk--no-padding stk-block stk-f9b8942\" data-block-id=\"f9b8942\"><style>.stk-f9b8942 {align-items:flex-start !important;margin-top:-25px !important;margin-bottom:0px !important;display:flex !important;}.stk-f9b8942 .stk-block-separator__inner{height:125px !important;}<\/style><div class=\"stk-block-separator__inner\"><svg xmlns=\"http:\/\/www.w3.org\/2000\/svg\" viewBox=\"0 0 1600 200\" class=\"stk-separator__layer-1\" preserveAspectRatio=\"none\" aria-hidden=\"true\"><path class=\"rounded-2_svg__st2\" d=\"M1609.5 133.2h-9.5c0-10.9-8.9-19.8-19.8-19.8H19.8C8.9 113.3 0 122.2 0 133.2l-10-.2v77h1619.5v-76.8z\"><\/path><\/svg><\/div><\/div>\n\n\n\n<div class=\"wp-block-stackable-heading stk-block-heading stk-block-heading--v2 stk-block stk-fce72dd\" id=\"quelques-span-style-color-var-theme-palette-color-2-6869-e-0-class-stk-highlight-temoignages-span-sur-la-semaine-hanroute-vers-mon-avenir\" data-block-id=\"fce72dd\"><style>.stk-fce72dd .stk-block-heading__text{text-transform:uppercase !important;}<\/style><h3 class=\"stk-block-heading__text has-text-align-center\">Quelques<span style=\"color: var(--theme-palette-color-2, #6869E0);\" class=\"stk-highlight\"> t\u00e9moignages<\/span> SUR LA SEMAINE HAN&rsquo;ROUTE VERS MON AVENIR <\/h3><\/div>\n\n\n\n<div class=\"wp-block-uagb-testimonial uagb-slick-carousel uagb-tm__arrow-outside uagb-block-be4be7ae\"><div class=\"is-carousel uagb-tm__columns-1 uagb-tm__items\"><div class=\"uagb-testimonial__wrap  uagb-tm__imgicon-style-circle uagb-tm__image-position-bottom uagb-tm__bg-type-none \"><div class=\"uagb-tm__content\"><div class=\"uagb-tm__overlay\"><\/div><div class=\"uagb-tm__text-wrap\"><div class=\"uagb-tm__desc\">\u00ab\u00a0Depuis Han&rsquo;Route, j&rsquo;ai d\u00e9couvert la possibilit\u00e9 de faire de la m\u00e9canique. J&rsquo;envisage m\u00eame aujourd&rsquo;hui de monter mon propre garage. Il faut faire cette semaine pour avoir confiance en soi. Il faut s&rsquo;\u00e9couter et cela permet de mieux d\u00e9finir son projet, ce qu&rsquo;on veut faire soi.\u00a0\u00bb<\/div><div class=\"uagb-tm__meta-inner\"><div class=\"uagb-testimonial-details\"><span class=\"uagb-tm__author-name\">Maxence L. <\/span><span class=\"uagb-tm__company\">El\u00e8ve en 3e \u00e0 Cholet (49), session 2024<\/span><\/div><\/div><\/div><\/div><\/div><div class=\"uagb-testimonial__wrap  uagb-tm__imgicon-style-circle uagb-tm__image-position-bottom uagb-tm__bg-type-none \"><div class=\"uagb-tm__content\"><div class=\"uagb-tm__overlay\"><\/div><div class=\"uagb-tm__text-wrap\"><div class=\"uagb-tm__desc\">\u00ab\u00a0J&rsquo;ai beaucoup appr\u00e9ci\u00e9, Launys a fait beaucoup de d\u00e9couvertes. Pour lui c&rsquo;\u00e9tait la premi\u00e8re fois o\u00f9 il allait quelque part o\u00f9 c&rsquo;\u00e9tait positif &#8211;\u00a0; avant il \u00e9tait tout le temps r\u00e9primand\u00e9. Ca lui a fait du bien et \u00e0 nous aussi, \u00e7a nous a fait du bien que tout le monde, \u00e0 la fin, dise qu&rsquo;il est capable, que \u00e7a s&rsquo;est bien. Je pense que cette exp\u00e9rience a contribu\u00e9 \u00e0 ce que le reste de l&rsquo;ann\u00e9e se passe bien. Il a gagn\u00e9 de la maturit\u00e9.\u00a0\u00bb<\/div><div class=\"uagb-tm__meta-inner\"><div class=\"uagb-testimonial-details\"><span class=\"uagb-tm__author-name\">M\u00e8re de Launys N.<\/span><span class=\"uagb-tm__company\">El\u00e8ve de 3e \u00e0 Nanterre (92), session 2024<\/span><\/div><\/div><\/div><\/div><\/div><div class=\"uagb-testimonial__wrap  uagb-tm__imgicon-style-circle uagb-tm__image-position-bottom uagb-tm__bg-type-none \"><div class=\"uagb-tm__content\"><div class=\"uagb-tm__overlay\"><\/div><div class=\"uagb-tm__text-wrap\"><div class=\"uagb-tm__desc\">\u00ab\u00a0On peut faire des choses qu&rsquo;on ne peut parfois pas se sentir capable de faire. Il ne faut pas penser qu&rsquo;\u00e0 son premier choix, et penser \u00e0 d&rsquo;autres choix, \u00e9largir ses horizons. Avec vous, je me suis dit qu&rsquo;il faut que j&rsquo;\u00e9tende mes horizons.\u00a0\u00bb<\/div><div class=\"uagb-tm__meta-inner\"><div class=\"uagb-testimonial-details\"><span class=\"uagb-tm__author-name\">Elias L.B.<\/span><span class=\"uagb-tm__company\">El\u00e8ve de 3e \u00e0 Cholet (49), session 2024<\/span><\/div><\/div><\/div><\/div><\/div><div class=\"uagb-testimonial__wrap  uagb-tm__imgicon-style-circle uagb-tm__image-position-bottom uagb-tm__bg-type-none \"><div class=\"uagb-tm__content\"><div class=\"uagb-tm__overlay\"><\/div><div class=\"uagb-tm__text-wrap\"><div class=\"uagb-tm__desc\">\u00ab \u00c7a a confort\u00e9 son projet professionnel. Ce genre d&rsquo;action permet de se sentir consid\u00e9r\u00e9. Le t\u00e9moignage d&rsquo;une \u00e9tudiante handicap\u00e9e l&rsquo;a beaucoup marqu\u00e9 et inspir\u00e9. \u00c7a l&rsquo;a rassur\u00e9, lui a permis de croire en ses possibles. Il a \u00e9t\u00e9 inspir\u00e9 par de beaux parcours. Le cadre pos\u00e9 par l&rsquo;association lui a permis de bien appr\u00e9hender certains de ses droits.\u00a0\u00bb<\/div><div class=\"uagb-tm__meta-inner\"><div class=\"uagb-testimonial-details\"><span class=\"uagb-tm__author-name\">M\u00e8re de Elias L.B.<\/span><span class=\"uagb-tm__company\">El\u00e8ve de 3e \u00e0 Cholet (49), session 2024<\/span><\/div><\/div><\/div><\/div><\/div><div class=\"uagb-testimonial__wrap  uagb-tm__imgicon-style-circle uagb-tm__image-position-bottom uagb-tm__bg-type-none \"><div class=\"uagb-tm__content\"><div class=\"uagb-tm__overlay\"><\/div><div class=\"uagb-tm__text-wrap\"><div class=\"uagb-tm__desc\">\u00ab\u00a0C&rsquo;est un stage int\u00e9ressant pour les personnes en situation de handicap, pour le rassurer pour son avenir, pour apprendre diff\u00e9rents m\u00e9tiers. Aussi pour comment faire son m\u00e9tier avec son handicap. Aussi pour essayer de faire des \u00e9tudes, on a rencontr\u00e9 des jeunes \u00e9tudiants pour en parler.\u00a0\u00bb<\/div><div class=\"uagb-tm__meta-inner\"><div class=\"uagb-testimonial-details\"><span class=\"uagb-tm__author-name\">Sarah Z.<\/span><span class=\"uagb-tm__company\">El\u00e8ve de 4e \u00e0 Gif-sur-Yvette (91), session 2023<\/span><\/div><\/div><\/div><\/div><\/div><div class=\"uagb-testimonial__wrap  uagb-tm__imgicon-style-circle uagb-tm__image-position-bottom uagb-tm__bg-type-none \"><div class=\"uagb-tm__content\"><div class=\"uagb-tm__overlay\"><\/div><div class=\"uagb-tm__text-wrap\"><div class=\"uagb-tm__desc\">\u00ab\u00a0Je recommande \u00e0 100% &#8211; \u00e7a a permis \u00e0 Sarah de conna\u00eetre d&rsquo;autres gens dans son coll\u00e8ge&#8230; Cette semaine lui a permis d&rsquo;envisager de continuer ses \u00e9tudes, et d&rsquo;ouvrir son esprit \u00e0 peut-\u00eatre faire des \u00e9tudes sup\u00e9rieures. Elle a d\u00e9couvert l&rsquo;alternance, c&rsquo;\u00e9tait quelque chose qui lui a fait du bien.\u00a0Elle a gagn\u00e9 en confiance en elle. \u00bb<\/div><div class=\"uagb-tm__meta-inner\"><div class=\"uagb-testimonial-details\"><span class=\"uagb-tm__author-name\">M\u00e8re de Sarah Z.<\/span><span class=\"uagb-tm__company\">El\u00e8ve de 4e \u00e0 Gif-sur-Yvette (91), session 2023<\/span><\/div><\/div><\/div><\/div><\/div><div class=\"uagb-testimonial__wrap  uagb-tm__imgicon-style-circle uagb-tm__image-position-bottom uagb-tm__bg-type-none \"><div class=\"uagb-tm__content\"><div class=\"uagb-tm__overlay\"><\/div><div class=\"uagb-tm__text-wrap\"><div class=\"uagb-tm__desc\">\u00ab\u00a0Je trouve \u00e7a vraiment tr\u00e8s bien. J&rsquo;ai appris notamment sur les aides que je pouvais avoir dans mes \u00e9tudes sup\u00e9rieures et j&rsquo;envisage de faire des \u00e9tudes.\u00a0\u00bb<\/div><div class=\"uagb-tm__meta-inner\"><div class=\"uagb-testimonial-details\"><span class=\"uagb-tm__author-name\">In\u00e8s G.<\/span><span class=\"uagb-tm__company\">El\u00e8ve de la classe de 3e \u00e0 Gif-sur-Yvette (91), session 2023<\/span><\/div><\/div><\/div><\/div><\/div><div class=\"uagb-testimonial__wrap  uagb-tm__imgicon-style-circle uagb-tm__image-position-bottom uagb-tm__bg-type-none \"><div class=\"uagb-tm__content\"><div class=\"uagb-tm__overlay\"><\/div><div class=\"uagb-tm__text-wrap\"><div class=\"uagb-tm__desc\">\u00ab\u00a0Je ne connaissais pas l&rsquo;association. Il existe des choses. Ma fille avait des id\u00e9es arr\u00eat\u00e9es. \u00c7a m&rsquo;a permis de r\u00e9aliser le champ des possibles, notamment dans le milieu scientifique. J&rsquo;ai \u00e9t\u00e9 ravie qu&rsquo;elle puisse s&rsquo;int\u00e9grer dans un groupe, elle a \u00e9t\u00e9 en contact avec des adultes, des gens \u00e0 l&rsquo;ext\u00e9rieur. Elle a aim\u00e9 la visite amphith\u00e9\u00e2tre et la rencontre des \u00e9tudiants. J&rsquo;ai le sentiment qu&rsquo;elle a su naviguer de fa\u00e7on sereine. Elle va en seconde g\u00e9n\u00e9rale plut\u00f4t qu&rsquo;en bac pro.\u00a0\u00bb<\/div><div class=\"uagb-tm__meta-inner\"><div class=\"uagb-testimonial-details\"><span class=\"uagb-tm__author-name\">M\u00e8re d&rsquo;In\u00e8s G.<\/span><span class=\"uagb-tm__company\">El\u00e8ve de 3e \u00e0 Gif-sur-Yvette (91), session 2023<\/span><\/div><\/div><\/div><\/div><\/div><div class=\"uagb-testimonial__wrap  uagb-tm__imgicon-style-circle uagb-tm__image-position-bottom uagb-tm__bg-type-none \"><div class=\"uagb-tm__content\"><div class=\"uagb-tm__overlay\"><\/div><div class=\"uagb-tm__text-wrap\"><div class=\"uagb-tm__desc\">\u00ab\u00a0Ce stage a \u00e9t\u00e9 riche en d\u00e9couvertes pour moi. Chaque jour j\u2019ai pu voir diff\u00e9rents lieux et diff\u00e9rents domaines d\u2019activit\u00e9s tel que l\u2019ing\u00e9nierie, l\u2019informatique, les m\u00e9tiers d\u2019art, le journalisme, la recherche, les m\u00e9tiers de l\u2019h\u00f4tellerie, l\u2019arch\u00e9ologie, la botanique, etc. Accompagn\u00e9s par les intervenants de l\u2019association TREMPLIN Handicap, nous avons \u00e9t\u00e9 tr\u00e8s bien accueillis dans les diff\u00e9rentes \u00e9coles et universit\u00e9s et nous avons pu d\u00e9couvrir beaucoup de parcours d\u2019\u00e9tudes&#8230; Je garde en t\u00eate la phrase de L\u00e6titia Bernard : \u00ab\u00a0Ne te dis pas que tu ne peux pas le faire mais cherche plut\u00f4t comment tu peux le faire pour y arriver\u00a0\u00bb Alors \u2026 \u00e0 moi de jouer.\u00a0\u00bb<\/div><div class=\"uagb-tm__meta-inner\"><div class=\"uagb-testimonial-details\"><span class=\"uagb-tm__author-name\">L\u00e9na G.<\/span><span class=\"uagb-tm__company\">El\u00e8ve de 3e \u00e0 Gif-sur-Yvette (91), session 2021<\/span><\/div><\/div><\/div><\/div><\/div><\/div><\/div>\n","protected":false},"excerpt":{"rendered":"<p>PROGRAMME han&rsquo;route vers mon avenir Une semaine de d\u00e9couverte pour les coll\u00e9giens et lyc\u00e9ens en situation de handicap Han&rsquo;route vers mon avenir est un programme original d&rsquo;une semaine propos\u00e9 gratuitement [&hellip;]<\/p>\n","protected":false},"author":1,"featured_media":0,"parent":0,"menu_order":0,"comment_status":"closed","ping_status":"closed","template":"","meta":{"_uag_custom_page_level_css":"","_EventAllDay":false,"_EventTimezone":"","_EventStartDate":"","_EventEndDate":"","_EventStartDateUTC":"","_EventEndDateUTC":"","_EventShowMap":false,"_EventShowMapLink":false,"_EventURL":"","_EventCost":"","_EventCostDescription":"","_EventCurrencySymbol":"","_EventCurrencyCode":"","_EventCurrencyPosition":"","_EventDateTimeSeparator":"","_EventTimeRangeSeparator":"","_EventOrganizerID":[],"_EventVenueID":[],"_OrganizerEmail":"","_OrganizerPhone":"","_OrganizerWebsite":"","_VenueAddress":"","_VenueCity":"","_VenueCountry":"","_VenueProvince":"","_VenueState":"","_VenueZip":"","_VenuePhone":"","_VenueURL":"","_VenueStateProvince":"","_VenueLat":"","_VenueLng":"","_VenueShowMap":false,"_VenueShowMapLink":false,"footnotes":""},"class_list":["post-1048","page","type-page","status-publish","hentry"],"blocksy_meta":[],"uagb_featured_image_src":{"full":false,"thumbnail":false,"medium":false,"medium_large":false,"large":false,"1536x1536":false,"2048x2048":false},"uagb_author_info":{"display_name":"ValentineWs","author_link":"https:\/\/www.test.tremplin-handicap.fr\/index.php\/author\/admin3776\/"},"uagb_comment_info":0,"uagb_excerpt":"PROGRAMME han&rsquo;route vers mon avenir Une semaine de d\u00e9couverte pour les coll\u00e9giens et lyc\u00e9ens en situation de handicap Han&rsquo;route vers mon avenir est un programme original d&rsquo;une semaine propos\u00e9 gratuitement [&hellip;]","_links":{"self":[{"href":"https:\/\/www.test.tremplin-handicap.fr\/index.php\/wp-json\/wp\/v2\/pages\/1048","targetHints":{"allow":["GET"]}}],"collection":[{"href":"https:\/\/www.test.tremplin-handicap.fr\/index.php\/wp-json\/wp\/v2\/pages"}],"about":[{"href":"https:\/\/www.test.tremplin-handicap.fr\/index.php\/wp-json\/wp\/v2\/types\/page"}],"author":[{"embeddable":true,"href":"https:\/\/www.test.tremplin-handicap.fr\/index.php\/wp-json\/wp\/v2\/users\/1"}],"replies":[{"embeddable":true,"href":"https:\/\/www.test.tremplin-handicap.fr\/index.php\/wp-json\/wp\/v2\/comments?post=1048"}],"version-history":[{"count":12,"href":"https:\/\/www.test.tremplin-handicap.fr\/index.php\/wp-json\/wp\/v2\/pages\/1048\/revisions"}],"predecessor-version":[{"id":2038,"href":"https:\/\/www.test.tremplin-handicap.fr\/index.php\/wp-json\/wp\/v2\/pages\/1048\/revisions\/2038"}],"wp:attachment":[{"href":"https:\/\/www.test.tremplin-handicap.fr\/index.php\/wp-json\/wp\/v2\/media?parent=1048"}],"curies":[{"name":"wp","href":"https:\/\/api.w.org\/{rel}","templated":true}]}}